{"version":"1.0","provider_name":"European Scientist","provider_url":"https:\/\/www.europeanscientist.com\/fr\/","author_name":"S\u00e9bastien Point","author_url":"https:\/\/www.europeanscientist.com\/fr\/author\/sebastien_point\/","title":"Peur de la 5G\u00a0: l\u2019\u00e9cume des vagues","type":"rich","width":600,"height":338,"html":"<blockquote class=\"wp-embedded-content\" data-secret=\"TolEKqsEpb\"><a href=\"https:\/\/www.europeanscientist.com\/fr\/opinion\/peur-de-la-5g-lecume-des-vagues\/\">Peur de la 5G\u00a0: l\u2019\u00e9cume des vagues<\/a><\/blockquote><iframe sandbox=\"allow-scripts\" security=\"restricted\" src=\"https:\/\/www.europeanscientist.com\/fr\/opinion\/peur-de-la-5g-lecume-des-vagues\/embed\/#?secret=TolEKqsEpb\" width=\"600\" height=\"338\" title=\"\u00ab\u00a0Peur de la 5G\u00a0: l\u2019\u00e9cume des vagues\u00a0\u00bb &#8212; European Scientist\" data-secret=\"TolEKqsEpb\" frameborder=\"0\" marginwidth=\"0\" marginheight=\"0\" scrolling=\"no\" class=\"wp-embedded-content\"><\/iframe><script type=\"text\/javascript\">\n\/* <![CDATA[ *\/\n\/*! This file is auto-generated *\/\n!function(d,l){\"use strict\";l.querySelector&&d.addEventListener&&\"undefined\"!=typeof URL&&(d.wp=d.wp||{},d.wp.receiveEmbedMessage||(d.wp.receiveEmbedMessage=function(e){var t=e.data;if((t||t.secret||t.message||t.value)&&!\/[^a-zA-Z0-9]\/.test(t.secret)){for(var s,r,n,a=l.querySelectorAll('iframe[data-secret=\"'+t.secret+'\"]'),o=l.querySelectorAll('blockquote[data-secret=\"'+t.secret+'\"]'),c=new RegExp(\"^https?:$\",\"i\"),i=0;i<o.length;i++)o[i].style.display=\"none\";for(i=0;i<a.length;i++)s=a[i],e.source===s.contentWindow&&(s.removeAttribute(\"style\"),\"height\"===t.message?(1e3<(r=parseInt(t.value,10))?r=1e3:~~r<200&&(r=200),s.height=r):\"link\"===t.message&&(r=new URL(s.getAttribute(\"src\")),n=new URL(t.value),c.test(n.protocol))&&n.host===r.host&&l.activeElement===s&&(d.top.location.href=t.value))}},d.addEventListener(\"message\",d.wp.receiveEmbedMessage,!1),l.addEventListener(\"DOMContentLoaded\",function(){for(var e,t,s=l.querySelectorAll(\"iframe.wp-embedded-content\"),r=0;r<s.length;r++)(t=(e=s[r]).getAttribute(\"data-secret\"))||(t=Math.random().toString(36).substring(2,12),e.src+=\"#?secret=\"+t,e.setAttribute(\"data-secret\",t)),e.contentWindow.postMessage({message:\"ready\",secret:t},\"*\")},!1)))}(window,document);\n\/\/# sourceURL=https:\/\/www.europeanscientist.com\/wp-includes\/js\/wp-embed.min.js\n\/* ]]> *\/\n<\/script>\n","thumbnail_url":"https:\/\/www.europeanscientist.com\/wp-content\/uploads\/2022\/03\/fear-g0dfad40fd_1920.jpg","thumbnail_width":1920,"thumbnail_height":1290,"description":"Le professeur de climatologie Richard Lindzen, au cours de l\u2019une de ses conf\u00e9rences, faisait le constat qu\u2019\u00e0 cause de l\u2019inculture scientifique croissante de nos soci\u00e9t\u00e9s, et compte tenu de la n\u00e9cessit\u00e9 d\u00e9mocratique pour les citoyens de prendre n\u00e9anmoins position sur les probl\u00e8mes scientifiques d\u00e9sormais pointus, la croyance et la foi rempla\u00e7aient in\u00e9vitablement la compr\u00e9hension\u00a0des choses. [&hellip;]"}