{"version":"1.0","provider_name":"European Scientist","provider_url":"https:\/\/www.europeanscientist.com\/fr\/","author_name":"Michel de Rougemont","author_url":"https:\/\/www.europeanscientist.com\/fr\/author\/michel-de-rougemont\/","title":"Mais qui veut la peau des anti-vax ?","type":"rich","width":600,"height":338,"html":"<blockquote class=\"wp-embedded-content\" data-secret=\"HLqK2V51tN\"><a href=\"https:\/\/www.europeanscientist.com\/fr\/opinion\/mais-qui-veut-la-peau-des-anti-vax\/\">Mais qui veut la peau des anti-vax ?<\/a><\/blockquote><iframe sandbox=\"allow-scripts\" security=\"restricted\" src=\"https:\/\/www.europeanscientist.com\/fr\/opinion\/mais-qui-veut-la-peau-des-anti-vax\/embed\/#?secret=HLqK2V51tN\" width=\"600\" height=\"338\" title=\"\u00ab\u00a0Mais qui veut la peau des anti-vax ?\u00a0\u00bb &#8212; European Scientist\" data-secret=\"HLqK2V51tN\" frameborder=\"0\" marginwidth=\"0\" marginheight=\"0\" scrolling=\"no\" class=\"wp-embedded-content\"><\/iframe><script type=\"text\/javascript\">\n\/* <![CDATA[ *\/\n\/*! This file is auto-generated *\/\n!function(d,l){\"use strict\";l.querySelector&&d.addEventListener&&\"undefined\"!=typeof URL&&(d.wp=d.wp||{},d.wp.receiveEmbedMessage||(d.wp.receiveEmbedMessage=function(e){var t=e.data;if((t||t.secret||t.message||t.value)&&!\/[^a-zA-Z0-9]\/.test(t.secret)){for(var s,r,n,a=l.querySelectorAll('iframe[data-secret=\"'+t.secret+'\"]'),o=l.querySelectorAll('blockquote[data-secret=\"'+t.secret+'\"]'),c=new RegExp(\"^https?:$\",\"i\"),i=0;i<o.length;i++)o[i].style.display=\"none\";for(i=0;i<a.length;i++)s=a[i],e.source===s.contentWindow&&(s.removeAttribute(\"style\"),\"height\"===t.message?(1e3<(r=parseInt(t.value,10))?r=1e3:~~r<200&&(r=200),s.height=r):\"link\"===t.message&&(r=new URL(s.getAttribute(\"src\")),n=new URL(t.value),c.test(n.protocol))&&n.host===r.host&&l.activeElement===s&&(d.top.location.href=t.value))}},d.addEventListener(\"message\",d.wp.receiveEmbedMessage,!1),l.addEventListener(\"DOMContentLoaded\",function(){for(var e,t,s=l.querySelectorAll(\"iframe.wp-embedded-content\"),r=0;r<s.length;r++)(t=(e=s[r]).getAttribute(\"data-secret\"))||(t=Math.random().toString(36).substring(2,12),e.src+=\"#?secret=\"+t,e.setAttribute(\"data-secret\",t)),e.contentWindow.postMessage({message:\"ready\",secret:t},\"*\")},!1)))}(window,document);\n\/\/# sourceURL=https:\/\/www.europeanscientist.com\/wp-includes\/js\/wp-embed.min.js\n\/* ]]> *\/\n<\/script>\n","thumbnail_url":"https:\/\/www.europeanscientist.com\/wp-content\/uploads\/2021\/01\/coronavirus-5590560_1920.png","thumbnail_width":1920,"thumbnail_height":1358,"description":"Expos\u00e9 \u00e0 une attaque microbienne le corps r\u00e9agit par des m\u00e9canismes de d\u00e9fense jusqu\u2019\u00e0 ce que l\u2019attaquant soit an\u00e9anti ou que succombe la victime. Cette bataille n\u2019est pas toujours \u00e0 mort, elle peut aussi laisser de graves s\u00e9quelles pour le patient. Il faut donc \u00e9duquer cette victime potentielle \u00e0 r\u00e9agir, la pr\u00e9parer \u00e0 la d\u00e9fense, [&hellip;]"}