{"version":"1.0","provider_name":"European Scientist","provider_url":"https:\/\/www.europeanscientist.com\/fr\/","author_name":"Gilles Nassy","author_url":"https:\/\/www.europeanscientist.com\/fr\/author\/gilles-nassy\/","title":"Les illusionnistes : le livre qui d\u00e9senchante l'\u00e9cologie","type":"rich","width":600,"height":338,"html":"<blockquote class=\"wp-embedded-content\" data-secret=\"fvoOU8246D\"><a href=\"https:\/\/www.europeanscientist.com\/fr\/opinion\/les-illusionnistes-le-livre-qui-desenchante-lecologie\/\">Les illusionnistes : le livre qui d\u00e9senchante l&rsquo;\u00e9cologie<\/a><\/blockquote><iframe sandbox=\"allow-scripts\" security=\"restricted\" src=\"https:\/\/www.europeanscientist.com\/fr\/opinion\/les-illusionnistes-le-livre-qui-desenchante-lecologie\/embed\/#?secret=fvoOU8246D\" width=\"600\" height=\"338\" title=\"\u00ab\u00a0Les illusionnistes : le livre qui d\u00e9senchante l&rsquo;\u00e9cologie\u00a0\u00bb &#8212; European Scientist\" data-secret=\"fvoOU8246D\" frameborder=\"0\" marginwidth=\"0\" marginheight=\"0\" scrolling=\"no\" class=\"wp-embedded-content\"><\/iframe><script type=\"text\/javascript\">\n\/* <![CDATA[ *\/\n\/*! This file is auto-generated *\/\n!function(d,l){\"use strict\";l.querySelector&&d.addEventListener&&\"undefined\"!=typeof URL&&(d.wp=d.wp||{},d.wp.receiveEmbedMessage||(d.wp.receiveEmbedMessage=function(e){var t=e.data;if((t||t.secret||t.message||t.value)&&!\/[^a-zA-Z0-9]\/.test(t.secret)){for(var s,r,n,a=l.querySelectorAll('iframe[data-secret=\"'+t.secret+'\"]'),o=l.querySelectorAll('blockquote[data-secret=\"'+t.secret+'\"]'),c=new RegExp(\"^https?:$\",\"i\"),i=0;i<o.length;i++)o[i].style.display=\"none\";for(i=0;i<a.length;i++)s=a[i],e.source===s.contentWindow&&(s.removeAttribute(\"style\"),\"height\"===t.message?(1e3<(r=parseInt(t.value,10))?r=1e3:~~r<200&&(r=200),s.height=r):\"link\"===t.message&&(r=new URL(s.getAttribute(\"src\")),n=new URL(t.value),c.test(n.protocol))&&n.host===r.host&&l.activeElement===s&&(d.top.location.href=t.value))}},d.addEventListener(\"message\",d.wp.receiveEmbedMessage,!1),l.addEventListener(\"DOMContentLoaded\",function(){for(var e,t,s=l.querySelectorAll(\"iframe.wp-embedded-content\"),r=0;r<s.length;r++)(t=(e=s[r]).getAttribute(\"data-secret\"))||(t=Math.random().toString(36).substring(2,12),e.src+=\"#?secret=\"+t,e.setAttribute(\"data-secret\",t)),e.contentWindow.postMessage({message:\"ready\",secret:t},\"*\")},!1)))}(window,document);\n\/\/# sourceURL=https:\/\/www.europeanscientist.com\/wp-includes\/js\/wp-embed.min.js\n\/* ]]> *\/\n<\/script>\n","thumbnail_url":"https:\/\/www.europeanscientist.com\/wp-content\/uploads\/2025\/07\/960px-Giuseppe_Arcimboldo_-_Autumn_-_WGA00812.jpg","thumbnail_width":960,"thumbnail_height":1145,"description":"N\u00e9 en 1963, avant les \u00e9v\u00e9nements de mai 68, \u00e9l\u00e8ve de l\u2019\u00e9cole r\u00e9publicaine publique et devenu ing\u00e9nieur \u00e0 l\u2019\u00e9cole d\u2019agronomie de Paris-Grignon, je pensais na\u00efvement que l\u2019objectif collectif comme individuel de chacun \u00e9tait d\u2019am\u00e9liorer l\u2019existence de nous tous. Par le collectivisme, le socialisme, le capitalisme, le lib\u00e9ralisme ou toute autre id\u00e9e politique, l\u2019ambition \u00e9tait d\u2019organiser [&hellip;]"}