{"version":"1.0","provider_name":"European Scientist","provider_url":"https:\/\/www.europeanscientist.com\/fr\/","author_name":"Gerard Petit","author_url":"https:\/\/www.europeanscientist.com\/fr\/author\/gerard-petit\/","title":"Les fables de l\u2019Europe \u00e9nerg\u00e9tique","type":"rich","width":600,"height":338,"html":"<blockquote class=\"wp-embedded-content\" data-secret=\"aOp9AqY7eR\"><a href=\"https:\/\/www.europeanscientist.com\/fr\/opinion\/les-fables-de-leurope-energetique\/\">Les fables de l\u2019Europe \u00e9nerg\u00e9tique<\/a><\/blockquote><iframe sandbox=\"allow-scripts\" security=\"restricted\" src=\"https:\/\/www.europeanscientist.com\/fr\/opinion\/les-fables-de-leurope-energetique\/embed\/#?secret=aOp9AqY7eR\" width=\"600\" height=\"338\" title=\"\u00ab\u00a0Les fables de l\u2019Europe \u00e9nerg\u00e9tique\u00a0\u00bb &#8212; European Scientist\" data-secret=\"aOp9AqY7eR\" frameborder=\"0\" marginwidth=\"0\" marginheight=\"0\" scrolling=\"no\" class=\"wp-embedded-content\"><\/iframe><script type=\"text\/javascript\">\n\/* <![CDATA[ *\/\n\/*! This file is auto-generated *\/\n!function(d,l){\"use strict\";l.querySelector&&d.addEventListener&&\"undefined\"!=typeof URL&&(d.wp=d.wp||{},d.wp.receiveEmbedMessage||(d.wp.receiveEmbedMessage=function(e){var t=e.data;if((t||t.secret||t.message||t.value)&&!\/[^a-zA-Z0-9]\/.test(t.secret)){for(var s,r,n,a=l.querySelectorAll('iframe[data-secret=\"'+t.secret+'\"]'),o=l.querySelectorAll('blockquote[data-secret=\"'+t.secret+'\"]'),c=new RegExp(\"^https?:$\",\"i\"),i=0;i<o.length;i++)o[i].style.display=\"none\";for(i=0;i<a.length;i++)s=a[i],e.source===s.contentWindow&&(s.removeAttribute(\"style\"),\"height\"===t.message?(1e3<(r=parseInt(t.value,10))?r=1e3:~~r<200&&(r=200),s.height=r):\"link\"===t.message&&(r=new URL(s.getAttribute(\"src\")),n=new URL(t.value),c.test(n.protocol))&&n.host===r.host&&l.activeElement===s&&(d.top.location.href=t.value))}},d.addEventListener(\"message\",d.wp.receiveEmbedMessage,!1),l.addEventListener(\"DOMContentLoaded\",function(){for(var e,t,s=l.querySelectorAll(\"iframe.wp-embedded-content\"),r=0;r<s.length;r++)(t=(e=s[r]).getAttribute(\"data-secret\"))||(t=Math.random().toString(36).substring(2,12),e.src+=\"#?secret=\"+t,e.setAttribute(\"data-secret\",t)),e.contentWindow.postMessage({message:\"ready\",secret:t},\"*\")},!1)))}(window,document);\n\/\/# sourceURL=https:\/\/www.europeanscientist.com\/wp-includes\/js\/wp-embed.min.js\n\/* ]]> *\/\n<\/script>\n","thumbnail_url":"https:\/\/www.europeanscientist.com\/wp-content\/uploads\/2025\/02\/image-28.jpg","thumbnail_width":1024,"thumbnail_height":768,"description":"Aboulique devant les p\u00e9rils av\u00e9r\u00e9s. En cons\u00e9quence am\u00e8re, voire turpide, des effets du contre-mod\u00e8le \u00e9nerg\u00e9tique allemand auquel elle s\u2019est vou\u00e9e, c\u2019est fort d\u00e9pourvue que l\u2019Europe d\u00e9voy\u00e9e et fragilis\u00e9e se trouve d\u00e9sormais. L\u2019anxi\u00e9t\u00e9 devrait s\u2019inviter au bouquet dans un contexte g\u00e9opolitique in\u00e9dit, fait de menaces provenant cette fois, de tous les azimuts. Ces p\u00e9rils soulignent, s\u2019il [&hellip;]"}