{"version":"1.0","provider_name":"European Scientist","provider_url":"https:\/\/www.europeanscientist.com\/fr\/","author_name":"Dominique Finon","author_url":"https:\/\/www.europeanscientist.com\/fr\/author\/dominique-finon\/","title":"Comment r\u00e9former le march\u00e9 europ\u00e9en de l\u2019\u00e9lectricit\u00e9\u00a0?","type":"rich","width":600,"height":338,"html":"<blockquote class=\"wp-embedded-content\" data-secret=\"lkkvZew8Me\"><a href=\"https:\/\/www.europeanscientist.com\/fr\/opinion\/comment-reformer-le-marche-europeen-de-lelectricite\/\">Comment r\u00e9former le march\u00e9 europ\u00e9en de l\u2019\u00e9lectricit\u00e9\u00a0?<\/a><\/blockquote><iframe sandbox=\"allow-scripts\" security=\"restricted\" src=\"https:\/\/www.europeanscientist.com\/fr\/opinion\/comment-reformer-le-marche-europeen-de-lelectricite\/embed\/#?secret=lkkvZew8Me\" width=\"600\" height=\"338\" title=\"\u00ab\u00a0Comment r\u00e9former le march\u00e9 europ\u00e9en de l\u2019\u00e9lectricit\u00e9\u00a0?\u00a0\u00bb &#8212; European Scientist\" data-secret=\"lkkvZew8Me\" frameborder=\"0\" marginwidth=\"0\" marginheight=\"0\" scrolling=\"no\" class=\"wp-embedded-content\"><\/iframe><script type=\"text\/javascript\">\n\/* <![CDATA[ *\/\n\/*! This file is auto-generated *\/\n!function(d,l){\"use strict\";l.querySelector&&d.addEventListener&&\"undefined\"!=typeof URL&&(d.wp=d.wp||{},d.wp.receiveEmbedMessage||(d.wp.receiveEmbedMessage=function(e){var t=e.data;if((t||t.secret||t.message||t.value)&&!\/[^a-zA-Z0-9]\/.test(t.secret)){for(var s,r,n,a=l.querySelectorAll('iframe[data-secret=\"'+t.secret+'\"]'),o=l.querySelectorAll('blockquote[data-secret=\"'+t.secret+'\"]'),c=new RegExp(\"^https?:$\",\"i\"),i=0;i<o.length;i++)o[i].style.display=\"none\";for(i=0;i<a.length;i++)s=a[i],e.source===s.contentWindow&&(s.removeAttribute(\"style\"),\"height\"===t.message?(1e3<(r=parseInt(t.value,10))?r=1e3:~~r<200&&(r=200),s.height=r):\"link\"===t.message&&(r=new URL(s.getAttribute(\"src\")),n=new URL(t.value),c.test(n.protocol))&&n.host===r.host&&l.activeElement===s&&(d.top.location.href=t.value))}},d.addEventListener(\"message\",d.wp.receiveEmbedMessage,!1),l.addEventListener(\"DOMContentLoaded\",function(){for(var e,t,s=l.querySelectorAll(\"iframe.wp-embedded-content\"),r=0;r<s.length;r++)(t=(e=s[r]).getAttribute(\"data-secret\"))||(t=Math.random().toString(36).substring(2,12),e.src+=\"#?secret=\"+t,e.setAttribute(\"data-secret\",t)),e.contentWindow.postMessage({message:\"ready\",secret:t},\"*\")},!1)))}(window,document);\n\/\/# sourceURL=https:\/\/www.europeanscientist.com\/wp-includes\/js\/wp-embed.min.js\n\/* ]]> *\/\n<\/script>\n","thumbnail_url":"https:\/\/www.europeanscientist.com\/wp-content\/uploads\/2022\/10\/gas-g75c69dab2_1920.jpg","thumbnail_width":1920,"thumbnail_height":1280,"description":"La pr\u00e9sidente de la Commission europ\u00e9enne, Ursula van der Leyen a affirm\u00e9 devant les eurod\u00e9put\u00e9s le 8 juin qu\u2019il fallait une r\u00e9forme radicale du march\u00e9 de l\u2019\u00e9lectricit\u00e9. Pour elle \u00ab le march\u00e9 de l\u2019\u00e9lectricit\u00e9 ne fonctionne plus et n\u00e9cessite une r\u00e9forme radicale (\u00ab\u00a0a huge reform\u00a0\u00bb)\u00a0 pour r\u00e9pondre \u00e0 tous les d\u00e9fis pos\u00e9s par les transformations [&hellip;]"}