{"version":"1.0","provider_name":"European Scientist","provider_url":"https:\/\/www.europeanscientist.com\/fr\/","author_name":"European Scientist","author_url":"https:\/\/www.europeanscientist.com\/fr\/author\/esadmin1\/","title":"L\u2019Europe divis\u00e9e sur les m\u00e9canismes de capacit\u00e9","type":"rich","width":600,"height":338,"html":"<blockquote class=\"wp-embedded-content\" data-secret=\"BZ8KWGlQOr\"><a href=\"https:\/\/www.europeanscientist.com\/fr\/energie\/leurope-divisee-sur-les-mecanismes-de-capacite\/\">L\u2019Europe divis\u00e9e sur les m\u00e9canismes de capacit\u00e9<\/a><\/blockquote><iframe sandbox=\"allow-scripts\" security=\"restricted\" src=\"https:\/\/www.europeanscientist.com\/fr\/energie\/leurope-divisee-sur-les-mecanismes-de-capacite\/embed\/#?secret=BZ8KWGlQOr\" width=\"600\" height=\"338\" title=\"\u00ab\u00a0L\u2019Europe divis\u00e9e sur les m\u00e9canismes de capacit\u00e9\u00a0\u00bb &#8212; European Scientist\" data-secret=\"BZ8KWGlQOr\" frameborder=\"0\" marginwidth=\"0\" marginheight=\"0\" scrolling=\"no\" class=\"wp-embedded-content\"><\/iframe><script type=\"text\/javascript\">\n\/* <![CDATA[ *\/\n\/*! This file is auto-generated *\/\n!function(d,l){\"use strict\";l.querySelector&&d.addEventListener&&\"undefined\"!=typeof URL&&(d.wp=d.wp||{},d.wp.receiveEmbedMessage||(d.wp.receiveEmbedMessage=function(e){var t=e.data;if((t||t.secret||t.message||t.value)&&!\/[^a-zA-Z0-9]\/.test(t.secret)){for(var s,r,n,a=l.querySelectorAll('iframe[data-secret=\"'+t.secret+'\"]'),o=l.querySelectorAll('blockquote[data-secret=\"'+t.secret+'\"]'),c=new RegExp(\"^https?:$\",\"i\"),i=0;i<o.length;i++)o[i].style.display=\"none\";for(i=0;i<a.length;i++)s=a[i],e.source===s.contentWindow&&(s.removeAttribute(\"style\"),\"height\"===t.message?(1e3<(r=parseInt(t.value,10))?r=1e3:~~r<200&&(r=200),s.height=r):\"link\"===t.message&&(r=new URL(s.getAttribute(\"src\")),n=new URL(t.value),c.test(n.protocol))&&n.host===r.host&&l.activeElement===s&&(d.top.location.href=t.value))}},d.addEventListener(\"message\",d.wp.receiveEmbedMessage,!1),l.addEventListener(\"DOMContentLoaded\",function(){for(var e,t,s=l.querySelectorAll(\"iframe.wp-embedded-content\"),r=0;r<s.length;r++)(t=(e=s[r]).getAttribute(\"data-secret\"))||(t=Math.random().toString(36).substring(2,12),e.src+=\"#?secret=\"+t,e.setAttribute(\"data-secret\",t)),e.contentWindow.postMessage({message:\"ready\",secret:t},\"*\")},!1)))}(window,document);\n\/\/# sourceURL=https:\/\/www.europeanscientist.com\/wp-includes\/js\/wp-embed.min.js\n\/* ]]> *\/\n<\/script>\n","thumbnail_url":"https:\/\/www.europeanscientist.com\/wp-content\/uploads\/2018\/06\/111-26.jpg","thumbnail_width":960,"thumbnail_height":540,"description":"Les m\u00e9canismes de capacit\u00e9 permettent aux \u00e9tats membres d\u2019assurer leur s\u00e9curit\u00e9 d\u2019approvisionnement en \u00e9lectricit\u00e9. En voulant ouvrir ce march\u00e9 \u00e0 la concurrence, tout en imposant des normes environnementales, la commission s\u2019est attir\u00e9 les foudres des pays encore fortement d\u00e9pendants des \u00e9nergies fossiles."}